{"id":2390,"date":"2024-05-15T09:40:39","date_gmt":"2024-05-15T09:40:39","guid":{"rendered":"https:\/\/www.sajoecseg.hu\/kozseg\/?page_id=2390"},"modified":"2024-05-15T09:40:39","modified_gmt":"2024-05-15T09:40:39","slug":"tothjozsefbemutatkozas","status":"publish","type":"page","link":"http:\/\/www.sajoecseg.hu\/kozseg\/tothjozsefbemutatkozas\/","title":{"rendered":"T\u00f3th J\u00f3zsef bemutatkoz\u00e1sa"},"content":{"rendered":"<p>[et_pb_section fb_built=&#8221;1&#8243; _builder_version=&#8221;4.25.1&#8243; _module_preset=&#8221;default&#8221; global_colors_info=&#8221;{}&#8221;][et_pb_row _builder_version=&#8221;4.25.1&#8243; _module_preset=&#8221;default&#8221; global_colors_info=&#8221;{}&#8221; custom_padding=&#8221;1px|||||&#8221;][et_pb_column type=&#8221;4_4&#8243; _builder_version=&#8221;4.25.1&#8243; _module_preset=&#8221;default&#8221; global_colors_info=&#8221;{}&#8221;][et_pb_heading title=&#8221;T\u00f3th J\u00f3zsef k\u00e9pvisel\u0151jel\u00f6lt bemutatkoz\u00e1sa&#8221; _builder_version=&#8221;4.25.1&#8243; _module_preset=&#8221;default&#8221; text_shadow_style=&#8221;preset4&#8243; global_colors_info=&#8221;{}&#8221;][\/et_pb_heading][\/et_pb_column][\/et_pb_row][\/et_pb_section][et_pb_section fb_built=&#8221;1&#8243; _builder_version=&#8221;4.25.1&#8243; _module_preset=&#8221;default&#8221; min_height=&#8221;369.6px&#8221; global_colors_info=&#8221;{}&#8221;][et_pb_row column_structure=&#8221;3_4,1_4&#8243; _builder_version=&#8221;4.25.1&#8243; _module_preset=&#8221;default&#8221; min_height=&#8221;291.6px&#8221; custom_padding=&#8221;||0px|||&#8221; global_colors_info=&#8221;{}&#8221;][et_pb_column type=&#8221;3_4&#8243; _builder_version=&#8221;4.25.1&#8243; _module_preset=&#8221;default&#8221; global_colors_info=&#8221;{}&#8221;][et_pb_text _builder_version=&#8221;4.25.1&#8243; _module_preset=&#8221;default&#8221; text_font=&#8221;||on||||||&#8221; text_font_size=&#8221;22px&#8221; text_orientation=&#8221;justified&#8221; global_colors_info=&#8221;{}&#8221;]<\/p>\n<p>Tisztelt saj\u00f3ecsegi Lakosok!<\/p>\n<p>Engedj\u00e9k meg, hogy bemutatkozzam \u00f6n\u00f6knek:<\/p>\n<p>T\u00f3th J\u00f3zsef vagyok, 56 \u00e9ves, Sz\u00e9ch\u00e9nyi utcai lakos. 2021 augusztus\u00e1ban k\u00f6lt\u00f6zt\u00fcnk ide feles\u00e9gemmel \u00e9s k\u00e9t gyermek\u00fcnkkel. Saj\u00f3ecseg nem volt ismeretlen sz\u00e1momra, mivel gyerekkorom \u00f3ta itt t\u00f6lt\u00f6tt\u00fck a h\u00fasv\u00e9ti \u00e9s ny\u00e1ri szabads\u00e1gainkat. \u00c9desap\u00e1m hamar \u00e1rva lett , ez\u00e9rt itt nevelkedhetett nagyb\u00e1tyj\u00e1n\u00e1l , majd 1956-ban fiatalon a tengerent\u00falra indult szerencs\u00e9t pr\u00f3b\u00e1lni, hogy viszonozhassa mindazt, amit nevel\u0151j\u00e9nek k\u00f6sz\u00f6nhetett ebben a csoda sz\u00e9p faluban, de Hollandi\u00e1ban meg\u00e1llt. Itt kezdett \u00faj \u00e9letet \u00e9s j\u00e1rhatott f\u0151iskol\u00e1ra, holland nevel\u0151sz\u00fcl\u0151ket kapott. K\u00e9s\u0151bb holland feles\u00e9g\u00e9vel is megismertette Magyarorsz\u00e1got, s \u00edgy nem volt k\u00e9rd\u00e9s, hogy mikor \u00e9n Hollandi\u00e1ban\u00a0 megsz\u00fclettem, m\u00e1r p\u00e1r h\u00f3naposan j\u00f6ttem Magyarorsz\u00e1gra. Nekem kisgyermekk\u00e9nt Saj\u00f3ecseg t\u00e1bl\u00e1n\u00e1l kezd\u0151d\u00f6tt Magyarorsz\u00e1g, hi\u00e1ba l\u00e9pt\u00fck m\u00e1r \u00e1t a hat\u00e1rt kilom\u00e9terekkel el\u0151bb. Haza\u00e9rtem, b\u00e1r Hollandi\u00e1ban \u00e9ltem, mindig izgatottan v\u00e1rtam, hogy j\u00f6hessek \u00fajra \u00e9s \u00fajra.<\/p>\n<p>&nbsp;<\/p>\n<p>[\/et_pb_text][\/et_pb_column][et_pb_column type=&#8221;1_4&#8243; _builder_version=&#8221;4.25.1&#8243; _module_preset=&#8221;default&#8221; global_colors_info=&#8221;{}&#8221;][et_pb_gallery gallery_ids=&#8221;2395&#8243; fullwidth=&#8221;on&#8221; admin_label=&#8221;Gal\u00e9ria&#8221; _builder_version=&#8221;4.25.1&#8243; _module_preset=&#8221;default&#8221; min_height=&#8221;354.6px&#8221; custom_margin=&#8221;||||true|true&#8221; custom_padding=&#8221;61px||61px||true|true&#8221; animation_style=&#8221;fade&#8221; hover_enabled=&#8221;0&#8243; global_colors_info=&#8221;{}&#8221; sticky_enabled=&#8221;0&#8243;][\/et_pb_gallery][\/et_pb_column][\/et_pb_row][et_pb_row _builder_version=&#8221;4.25.1&#8243; _module_preset=&#8221;default&#8221; global_colors_info=&#8221;{}&#8221;][et_pb_column type=&#8221;4_4&#8243; _builder_version=&#8221;4.25.1&#8243; _module_preset=&#8221;default&#8221; global_colors_info=&#8221;{}&#8221;][et_pb_text _builder_version=&#8221;4.25.1&#8243; _module_preset=&#8221;default&#8221; text_font=&#8221;&#8211;et_global_body_font||on||||||&#8221; text_font_size=&#8221;22px&#8221; text_orientation=&#8221;justified&#8221; global_colors_info=&#8221;{}&#8221;]<\/p>\n<p>1993-ban doktori c\u00edmet szereztem a leideni egyetemen (nemzetk\u00f6zi \u00e1llam k\u00f6zigazgat\u00e1s \u00e9s Eur\u00f3pai Uni\u00f3s jog). A holland nyelv az anyanyelvem, foly\u00e9konyan besz\u00e9lek angolul, fels\u0151 fokon n\u00e9met\u00fcl. S mivel \u00e9desany\u00e1m holland, \u00e9desap\u00e1m magyar, term\u00e9szetesen megtanulhattam magyarul is. 1997 -ben h\u00e1zass\u00e1gk\u00f6t\u00e9sem \u00f3ta \u00e9lek Magyarorsz\u00e1gon , 24 \u00e9vig Miskolc-Tapolc\u00e1n laktunk, miel\u0151tt Saj\u00f3ecsegre k\u00f6lt\u00f6zt\u00fcnk. Saj\u00e1t v\u00e1llalkoz\u00e1sunk van itt \u00e9s Hollandi\u00e1ban.<\/p>\n<p>Mindig is \u00e9rdekelt a falu sorsa, s mi\u00f3ta itt \u00e9lek rendszeresen r\u00e9szt veszek a test\u00fcleti \u00fcl\u00e9seken.<\/p>\n<p>Terveim \u00e9s c\u00e9ljaim k\u00f6zt szerepel, hogy Saj\u00f3ecseg \u00fajonnan megv\u00e1laszt\u00e1sra ker\u00fcl\u0151 polg\u00e1rmester\u00e9t \u00e9s a Test\u00fcletet az al\u00e1bbi elk\u00e9pzel\u00e9sek megval\u00f3s\u00edt\u00e1s\u00e1ban seg\u00edtsem.<br \/>&#8211; J\u00f3 kapcsolatot \u00e9s egy\u00fcttm\u0171k\u00f6d\u00e9st kialak\u00edtani a k\u00f6rny\u00e9kbeli Saj\u00f3 menti telep\u00fcl\u00e9sekkel \u00e9s v\u00e1rosokkal, \u00fajra visszaker\u00fclni a region\u00e1lis v\u00e9rkering\u00e9sbe.<br \/>&#8211; Ingatlangazd\u00e1lkod\u00e1s \u00e9s ingatlanfejleszt\u00e9s, \u00faj utc\u00e1k l\u00e9trehoz\u00e1sa. A jelenlegi saj\u00f3ecsegi kincsek megfelel\u0151 hasznos\u00edt\u00e1sa,( faluh\u00e1z l\u00e9trehoz\u00e1sa, tornaterem \u00fajrahasznos\u00edt\u00e1sa) felel\u0151s gazd\u00e1lkod\u00e1s keret\u00e9ben megfelel\u0151 bev\u00e9tel gener\u00e1l\u00e1s\u00e1nak seg\u00edt\u00e9se, hogy a falu p\u00e9nz\u00fcgyei el\u0151rehaladjanak. Ahogy egy holland k\u00f6zmond\u00e1s tartja, \u201eh\u00fas ker\u00fclj\u00f6n a csontokra !\u201d<br \/>&#8211; K\u00f6lts\u00e9gvet\u00e9s jav\u00edt\u00e1sa, olyan k\u00f6lts\u00e9gvet\u00e9st el\u00e9rni, hogy a falu nyeres\u00e9gesen tudjon m\u0171k\u00f6dni, fejl\u0151dni \u00e9s felel\u0151ss\u00e9ggel fejleszteni.<\/p>\n<p>&#8211; Bekapcsolni telep\u00fcl\u00e9s\u00fcnket a k\u00f6rnyez\u0151 ker\u00e9kp\u00e1r\u00fat h\u00e1l\u00f3zatba.<br \/>&#8211; A bek\u00f6t\u0151\u00fat a 26-os f\u0151\u00fat fel\u0151li kivil\u00e1g\u00edt\u00e1sa, utak min\u0151s\u00e9g\u00e9nek jav\u00edt\u00e1sa, biztons\u00e1gos buszmeg\u00e1ll\u00f3k megval\u00f3s\u00edt\u00e1sa.<br \/>&#8211; Szolg\u00e1ltat\u00e1sok b\u0151v\u00edt\u00e9se, t\u00f6bb hangs\u00falyt fektetni az eg\u00e9szs\u00e9g\u00fcgyre ,gy\u00f3gyszert\u00e1r , herb\u00e1ria l\u00e9trehoz\u00e1sa ,valamint az id\u0151sek ell\u00e1t\u00e1s\u00e1ra, \u00f6sszefog\u00e1s\u00e1ra \u00e9s \u00e1pol\u00e1sra szorultak megfelel\u0151 seg\u00edts\u00e9ge. S persze ne feledj\u00fck, hogy sz\u00e9p \u00e9veiket t\u00f6lthess\u00e9k boldogan, megfelel\u0151 t\u00e1rsas\u00e1gban \u00e9s k\u00f6rnyezetben.<\/p>\n<p>&#8211; Telep\u00fcl\u00e9s\u00fcnk ifj\u00fa gyermekei sz\u00e1m\u00e1ra olyan egyes\u00fclet l\u00e9trehoz\u00e1sa, mely a tehets\u00e9ges gyermekeket folyamatosan seg\u00edten\u00e9 c\u00e9ljaik el\u00e9r\u00e9s\u00e9ben, ezzel kapcsolatosan megsz\u00f3l\u00edtan\u00e1m falunk v\u00e1llalkoz\u00f3it is.<br \/>&#8211; A falu \u00f6sszk\u00e9p\u00e9nek jav\u00edt\u00e1sa, megfelel\u0151 \u00e9s biztons\u00e1gos\u00a0 faluk\u00f6zpontot l\u00e9trehozni, z\u00f6ld\u00f6vezet \u00e9s k\u00f6zter\u00fclet folyamatos \u00e9s j\u00f3l szervezett karbantart\u00e1sa.<\/p>\n<p>&#8211; Saj\u00f3ecseg k\u00f6zigazgat\u00e1si hat\u00e1rait figyelembe v\u00e9ve sokkal nagyobb potenci\u00e1l rejlik a faluban, mint gondoln\u00e1nk.<\/p>\n<p>&nbsp;<\/p>\n<p>Tisztelettel k\u00e9rn\u00e9m \u00d6n\u00f6ket, hogy j\u00fanius 9-\u00e9n d\u00f6ntsenek felel\u0151sen!<\/p>\n<p>[\/et_pb_text][\/et_pb_column][\/et_pb_row][\/et_pb_section]<\/p>\n","protected":false},"excerpt":{"rendered":"<p>Tisztelt saj\u00f3ecsegi Lakosok! Engedj\u00e9k meg, hogy bemutatkozzam \u00f6n\u00f6knek: T\u00f3th J\u00f3zsef vagyok, 56 \u00e9ves, Sz\u00e9ch\u00e9nyi utcai lakos. 2021 augusztus\u00e1ban k\u00f6lt\u00f6zt\u00fcnk ide feles\u00e9gemmel \u00e9s k\u00e9t gyermek\u00fcnkkel. Saj\u00f3ecseg nem volt ismeretlen sz\u00e1momra, mivel gyerekkorom \u00f3ta itt t\u00f6lt\u00f6tt\u00fck a h\u00fasv\u00e9ti \u00e9s ny\u00e1ri szabads\u00e1gainkat. \u00c9desap\u00e1m hamar \u00e1rva lett , ez\u00e9rt itt nevelkedhetett nagyb\u00e1tyj\u00e1n\u00e1l , majd 1956-ban fiatalon a tengerent\u00falra indult [&hellip;]<\/p>\n","protected":false},"author":1,"featured_media":0,"parent":0,"menu_order":0,"comment_status":"closed","ping_status":"closed","template":"","meta":{"_et_pb_use_builder":"on","_et_pb_old_content":"<p>[et_pb_section fb_built=\"1\" _builder_version=\"4.25.1\" _module_preset=\"default\" global_colors_info=\"{}\"][et_pb_row _builder_version=\"4.25.1\" _module_preset=\"default\" global_colors_info=\"{}\"][et_pb_column type=\"4_4\" _builder_version=\"4.25.1\" _module_preset=\"default\" global_colors_info=\"{}\"][et_pb_heading title=\"Gyurk\u00f3 Attila k\u00e9pvisel\u0151jel\u00f6lt bemutatkoz\u00e1sa\" _builder_version=\"4.25.1\" _module_preset=\"default\" text_shadow_style=\"preset4\" global_colors_info=\"{}\"][\/et_pb_heading][\/et_pb_column][\/et_pb_row][\/et_pb_section][et_pb_section fb_built=\"1\" _builder_version=\"4.25.1\" _module_preset=\"default\" min_height=\"369.6px\" global_colors_info=\"{}\"][et_pb_row column_structure=\"3_4,1_4\" _builder_version=\"4.25.1\" _module_preset=\"default\" min_height=\"291.6px\" custom_padding=\"||0px|||\" hover_enabled=\"0\" global_colors_info=\"{}\" sticky_enabled=\"0\"][et_pb_column type=\"3_4\" _builder_version=\"4.25.1\" _module_preset=\"default\" global_colors_info=\"{}\"][et_pb_text _builder_version=\"4.25.1\" _module_preset=\"default\" text_font=\"||on||||||\" text_font_size=\"22px\" hover_enabled=\"0\" sticky_enabled=\"0\" text_orientation=\"justified\"]<\/p><p>Gyurk\u00f3 Attila vagyok, 52 \u00e9ves, saj\u00f3ecsegi lakos. Saj\u00f3ecsegre 2005-ben k\u00f6lt\u00f6ztem, \u00e9s az\u00f3ta \u00e9lek itt csal\u00e1dom k\u00f6r\u00e9ben. \u00c9p\u00edtgettem, sz\u00e9p\u00edtgettem k\u00f6rnyezetemet, m\u00edg a mindennapok neh\u00e9zs\u00e9gei vezettek oda, hogy 2019-ben lakoss\u00e1gi megkeres\u00e9sre k\u00e9pvisel\u0151nek jel\u00f6ltessem magam.<\/p><p>Akkor v\u00e1llaltam, hogy ki\u00e1llok a Saj\u00f3ecseg-Saj\u00f3kereszt\u00far k\u00f6z\u00f6tti \u00fat min\u0151s\u00e9gbeli jav\u00edt\u00e1s\u00e1\u00e9rt, a Saj\u00f3ecseg \u00e9s nagyobb k\u00f6rnyezet\u00e9t is \u00e9rint\u0151 \u201eszaghat\u00e1s\u201d cs\u00f6kkent\u00e9se, megsz\u00fcntet\u00e9se, illetve az internetes weboldal sz\u00ednvonalasabb\u00e1 t\u00e9tele mellett. A legjobb tud\u00e1som szerint <strong><em><u>mindig a szab\u00e1lyoss\u00e1g \u00e9s a t\u00f6rv\u00e9nyess\u00e9g betart\u00e1s\u00e1ra \u00e9s betartat\u00e1s\u00e1ra t\u00f6rekedtem<\/u><\/em><\/strong>.<\/p><p>2019-2024 k\u00f6z\u00f6tt a lakoss\u00e1g bizalm\u00e1t elnyerve pr\u00f3b\u00e1ltam mindent megtenni annak \u00e9rdek\u00e9ben, hogy ki\u00e9rdemeljem a bel\u00e9m fektetett bizalmat. Ez t\u00f6bb k\u00fcls\u0151 k\u00f6r\u00fclm\u00e9ny miatt is, a v\u00e1llalt feladatokban \u00fagy \u00e9rzem siker\u00fclt, m\u00e1s ter\u00fcleten m\u00e9g lehet fejleszteni. T\u00f6bb olyan lehet\u0151s\u00e9g is ad\u00f3dott az 5 \u00e9ves k\u00e9pvisel\u0151i id\u0151szakom alatt, melyet sikerk\u00e9nt k\u00f6nyvelhetek el, vagy \u00e9ppen egy hosszabb t\u00e1vban t\u00f6rt\u00e9n\u0151 gondolkod\u00e1s miatt sz\u00fcks\u00e9ges t\u00f6bb id\u0151t \u00e9s energi\u00e1t fektetni bele.<\/p><p>\u00a0<\/p><p>[\/et_pb_text][\/et_pb_column][et_pb_column type=\"1_4\" _builder_version=\"4.25.1\" _module_preset=\"default\" global_colors_info=\"{}\"][et_pb_gallery gallery_ids=\"2343\" fullwidth=\"on\" admin_label=\"Gal\u00e9ria\" _builder_version=\"4.25.1\" _module_preset=\"default\" min_height=\"354.6px\" custom_margin=\"||||true|true\" custom_padding=\"61px||61px||true|true\" animation_style=\"fade\" global_colors_info=\"{}\"][\/et_pb_gallery][\/et_pb_column][\/et_pb_row][et_pb_row _builder_version=\"4.25.1\" _module_preset=\"default\"][et_pb_column _builder_version=\"4.25.1\" _module_preset=\"default\" type=\"4_4\"][et_pb_text _builder_version=\"4.25.1\" _module_preset=\"default\" text_font=\"--et_global_body_font||on||||||\" text_font_size=\"22px\" hover_enabled=\"0\" sticky_enabled=\"0\" text_orientation=\"justified\"]<\/p><p>Ez\u00e9rt is k\u00e9rem Saj\u00f3ecseg lakoss\u00e1g\u00e1t, hogy a tervek megval\u00f3s\u00edt\u00e1sa tov\u00e1bbi finom\u00edt\u00e1sa \u00e9rdek\u00e9ben 2024. j\u00fanius 09-\u00e9n szavazzanak r\u00e1m, \u00e9s olyan jel\u00f6ltekre, akik a k\u00f6zs\u00e9g teljes lakoss\u00e1g\u00e1nak megel\u00e9ged\u00e9s\u00e9re akarnak fejl\u0151d\u00e9st l\u00e1tni k\u00f6rnyezet\u00fcnkben.<\/p><p>[\/et_pb_text][\/et_pb_column][\/et_pb_row][\/et_pb_section][et_pb_section fb_built=\"1\" theme_builder_area=\"post_content\" _builder_version=\"4.25.1\" _module_preset=\"default\" hover_enabled=\"0\" sticky_enabled=\"0\"][et_pb_row _builder_version=\"4.25.1\" _module_preset=\"default\" theme_builder_area=\"post_content\" animation_style=\"flip\" hover_enabled=\"0\" sticky_enabled=\"0\" hover_transition_delay=\"50ms\" animation_direction=\"right\" animation_intensity_flip=\"0%\" animation_speed_curve=\"ease-in\" animation_duration=\"850ms\"][et_pb_column _builder_version=\"4.25.1\" _module_preset=\"default\" type=\"4_4\" theme_builder_area=\"post_content\"][et_pb_slider _builder_version=\"4.25.1\" _module_preset=\"default\" theme_builder_area=\"post_content\" hover_enabled=\"0\" sticky_enabled=\"0\" auto=\"on\" auto_ignore_hover=\"on\" use_bg_overlay=\"off\" use_text_overlay=\"off\" auto_speed=\"10000\"][et_pb_slide heading=\"G\u00e1t fel\u00faj\u00edt\u00e1sa\" _builder_version=\"4.25.1\" _module_preset=\"default\" theme_builder_area=\"post_content\" title_text=\"013\" image=\"http:\/\/www.sajoecseg.hu\/kozseg\/wp-content\/uploads\/2022\/03\/013.jpg\" hover_enabled=\"0\" sticky_enabled=\"0\"]<\/p><p>Jelenlegi g\u00e1t olyan szint\u0171 fel\u00faj\u00edt\u00e1sa, hogy ott j\u00f3 min\u0151s\u00e9gben, kultur\u00e1lt k\u00f6rnyezetben lehessen a szabadid\u0151t elt\u00f6lteni, ker\u00e9kp\u00e1rozni, s\u00e9t\u00e1lni, futni.<\/p><p>[\/et_pb_slide][et_pb_slide heading=\"Iskola \u00e9p\u00fclete\" _builder_version=\"4.25.1\" _module_preset=\"default\" theme_builder_area=\"post_content\" title_text=\"Iskola\" image=\"http:\/\/www.sajoecseg.hu\/kozseg\/wp-content\/uploads\/2024\/05\/Iskola.jpg\" hover_enabled=\"0\" sticky_enabled=\"0\"]<\/p><p>A jelenleg m\u00e9g sz\u0171k\u00f6s keretek k\u00f6z\u00f6tt kiakn\u00e1zott \u201eIskola\u201d \u00e9p\u00fclet\u00e9t kihaszn\u00e1lva, \u00e9s lakoss\u00e1gi \u00f6sszefog\u00e1sban m\u00e1r elindult konditerem, k\u00f6z\u00f6ss\u00e9gi t\u00e9r, sportol\u00e1sra, rendezv\u00e9nyek tart\u00e1s\u00e1ra alkalmas ter\u00fcletek kialak\u00edt\u00e1sa.<\/p><p>[\/et_pb_slide][et_pb_slide heading=\"Egyh\u00e1z\" _builder_version=\"4.25.1\" _module_preset=\"default\" theme_builder_area=\"post_content\" title_text=\"Egyh\u00e1z\" image=\"http:\/\/www.sajoecseg.hu\/kozseg\/wp-content\/uploads\/2024\/05\/Egyhaz.png\" box_shadow_style_image=\"preset2\" hover_enabled=\"0\" sticky_enabled=\"0\"]<\/p><p>Az egyh\u00e1zakkal szorosabb kapcsolat kialak\u00edt\u00e1sa. Fiatalok megsz\u00f3l\u00edt\u00e1sa. Pl: TIREK IFI<\/p><p>[\/et_pb_slide][et_pb_slide heading=\"Szolg\u00e1ltat\u00f3 h\u00e1z\" _builder_version=\"4.25.1\" _module_preset=\"default\" theme_builder_area=\"post_content\" hover_enabled=\"0\" sticky_enabled=\"0\" title_text=\"Szolg\u00e1ltat\u00f3 h\u00e1z\" image=\"http:\/\/www.sajoecseg.hu\/kozseg\/wp-content\/uploads\/2024\/05\/Szolgaltato-haz.png\"]<\/p><p>Szolg\u00e1ltat\u00f3h\u00e1z, \u00f6nkorm\u00e1nyzati \u00e9p\u00fcletek hasznos\u00edt\u00e1sa, mely bev\u00e9teleib\u0151l azok fejleszt\u00e9se, sz\u00e9p\u00edt\u00e9se val\u00f3sulhatna meg.<\/p><p>[\/et_pb_slide][et_pb_slide heading=\"Digitaliz\u00e1ci\u00f3\" _builder_version=\"4.25.1\" _module_preset=\"default\" theme_builder_area=\"post_content\" hover_enabled=\"0\" sticky_enabled=\"0\" title_text=\"Digitaliz\u00e1ci\u00f3\" image=\"http:\/\/www.sajoecseg.hu\/kozseg\/wp-content\/uploads\/2024\/05\/Digitalizacio.png\"]<\/p><p>Elektronikus \u00fcgyint\u00e9z\u00e9s fejleszt\u00e9se, digit\u00e1lis lehet\u0151s\u00e9gek bevezet\u00e9se (pl.: k\u00e9pt\u00e1r, \u0171rlapok, elektronikus iratkezel\u00e9s, tesztek, j\u00e1t\u00e9kok meghirdet\u00e9se, stb\u2026)<\/p><p>[\/et_pb_slide][et_pb_slide heading=\"K\u00f6z\u00f6ss\u00e9g\" _builder_version=\"4.25.1\" _module_preset=\"default\" theme_builder_area=\"post_content\" title_text=\"slide3\" image=\"http:\/\/www.sajoecseg.hu\/kozseg\/wp-content\/uploads\/2020\/04\/slide3.jpg\" hover_enabled=\"0\" sticky_enabled=\"0\"]<\/p><p>Eg\u00e9szs\u00e9ges mennyis\u00e9gben, \u00e9s a lakoss\u00e1g priv\u00e1t szf\u00e9r\u00e1j\u00e1t is figyelembe v\u00e9ve k\u00f6z\u00f6ss\u00e9gi rendezv\u00e9nyek megszervez\u00e9s\u00e9nek t\u00e1mogat\u00e1sa.<\/p><p>[\/et_pb_slide][et_pb_slide heading=\"H\u00edrlev\u00e9l\" _builder_version=\"4.25.1\" _module_preset=\"default\" theme_builder_area=\"post_content\" title_text=\"Hirlev\u00e9l\" image=\"http:\/\/www.sajoecseg.hu\/kozseg\/wp-content\/uploads\/2024\/05\/Hirlevel.png\" hover_enabled=\"0\" sticky_enabled=\"0\"]<\/p><p>Saj\u00f3ecsegi H\u00edrlev\u00e9l min\u0151s\u00e9gi jav\u00edt\u00e1sa, a H\u00edrlev\u00e9l elektronikus v\u00e1ltozat\u00e1nak kialak\u00edt\u00e1sa, managel\u00e9se.<\/p><p>[\/et_pb_slide][et_pb_slide heading=\"F\u0151t\u00e9r\" _builder_version=\"4.25.1\" _module_preset=\"default\" theme_builder_area=\"post_content\" title_text=\"slide11\" image=\"http:\/\/www.sajoecseg.hu\/kozseg\/wp-content\/uploads\/2020\/04\/slide11.jpg\" hover_enabled=\"0\" sticky_enabled=\"0\"]<\/p><p>A \u201eF\u0151t\u00e9r\u201d k\u00f6rny\u00e9k\u00e9re a napjainkban nagy divatot k\u00e9pvisel\u0151 k\u00f6zs\u00e9gn\u00e9v felirat kialak\u00edt\u00e1sa lakoss\u00e1gi ig\u00e9nyeket, javaslatokat figyelembe v\u00e9ve.<\/p><p>[\/et_pb_slide][et_pb_slide heading=\"K\u00f6z\u00f6ss\u00e9gi t\u00e9r\" _builder_version=\"4.25.1\" _module_preset=\"default\" theme_builder_area=\"post_content\" title_text=\"slide12\" image=\"http:\/\/www.sajoecseg.hu\/kozseg\/wp-content\/uploads\/2020\/04\/slide12.jpg\" hover_enabled=\"0\" sticky_enabled=\"0\"]<\/p><p>A k\u00f6z\u00f6ss\u00e9gi t\u00e9r felfejleszt\u00e9se, komfortosabb\u00e1, szebb\u00e9, k\u00f6zpontosabb\u00e1 t\u00e9tele.<\/p><p>[\/et_pb_slide][et_pb_slide heading=\"Lakoss\u00e1g l\u00e9tsz\u00e1m n\u00f6vel\u00e9s\" _builder_version=\"4.25.1\" _module_preset=\"default\" theme_builder_area=\"post_content\" hover_enabled=\"0\" sticky_enabled=\"0\"]<\/p><p>\u00daj telkek kialak\u00edt\u00e1sa, a k\u00f6zs\u00e9g\u00fcnkben letelepedni v\u00e1gy\u00f3k r\u00e9sz\u00e9re vonz\u00f3 felt\u00e9telek kialak\u00edt\u00e1sa.<\/p><p>[\/et_pb_slide][et_pb_slide heading=\"Fejleszt\u00e9s\" _builder_version=\"4.25.1\" _module_preset=\"default\" theme_builder_area=\"post_content\" hover_enabled=\"0\" sticky_enabled=\"0\"]<\/p><p>A jelenleg j\u00f3l kialakult szolg\u00e1ltat\u00e1sok (k\u00f6z\u00f6ss\u00e9gi programok, t\u00e1mogat\u00e1sok, \u00fcgyint\u00e9z\u00e9sek, stb\u2026) fejleszt\u00e9se, \u00faj lehet\u0151s\u00e9gek felt\u00e9rk\u00e9pez\u00e9se.<\/p><p>[\/et_pb_slide][et_pb_slide heading=\"P\u00e1ly\u00e1zatok\" _builder_version=\"4.25.1\" _module_preset=\"default\" theme_builder_area=\"post_content\" hover_enabled=\"0\" sticky_enabled=\"0\"]<\/p><p>P\u00e1ly\u00e1zatok felkutat\u00e1sa, az abban rejl\u0151 lehet\u0151s\u00e9gek maxim\u00e1lis kihaszn\u00e1l\u00e1sa.<\/p><p>[\/et_pb_slide][et_pb_slide heading=\"Kapcsolat\" _builder_version=\"4.25.1\" _module_preset=\"default\" theme_builder_area=\"post_content\" title_text=\"Kapcsolat\" image=\"http:\/\/www.sajoecseg.hu\/kozseg\/wp-content\/uploads\/2024\/05\/Kapcsolat.png\" hover_enabled=\"0\" sticky_enabled=\"0\"]<\/p><p>A k\u00f6rny\u00e9kbeli telep\u00fcl\u00e9sekkel a megfelel\u0151 kapcsolat helyre\u00e1ll\u00edt\u00e1s\u00e1ban val\u00f3 szerves r\u00e9szv\u00e9tel.<\/p><p>[\/et_pb_slide][\/et_pb_slider][\/et_pb_column][\/et_pb_row][\/et_pb_section][et_pb_section fb_built=\"1\" theme_builder_area=\"post_content\" _builder_version=\"4.25.1\" _module_preset=\"default\"][et_pb_row _builder_version=\"4.25.1\" _module_preset=\"default\" theme_builder_area=\"post_content\"][et_pb_column _builder_version=\"4.25.1\" _module_preset=\"default\" type=\"4_4\" theme_builder_area=\"post_content\"][et_pb_text _builder_version=\"4.25.1\" _module_preset=\"default\" theme_builder_area=\"post_content\" hover_enabled=\"0\" sticky_enabled=\"0\" text_font=\"Times New Roman||on||||||\" text_font_size=\"20px\"]<\/p><p style=\"text-align: justify;\">Azt szokt\u00e1k mondani \u00edg\u00e9rni k\u00f6nnyen lehet \u00e9s b\u00e1rki tud. Viszont \u201eszeg\u00e9ny\u201d, aki ezt nem teszi meg. Elk\u00e9pzel\u00e9seimet, gondolataimat eddig sem tartottam magamban, de sajnos f\u0151leg technikai akad\u00e1lyok miatt nem minden val\u00f3sulhatott meg. Terveim megval\u00f3s\u00edt\u00e1s\u00e1ban \u2013 megv\u00e1laszt\u00e1som eset\u00e9n \u2013 mindenk\u00e9ppen szeretn\u00e9m, ha szervesen r\u00e9szt tudna venni a lakoss\u00e1g, illetve a helyi v\u00e1llalkoz\u00f3i k\u00f6z\u00f6ss\u00e9g. Mindenkit\u0151l a maga adta lehet\u0151s\u00e9geihez m\u00e9rten gondolatban, \u00f6tletekkel, vagy fizikailag, er\u0151ben-p\u00e9nzben k\u00e9rn\u00e9m majd a test\u00fclettel egyetemben a t\u00e1mogat\u00e1st.<\/p><p style=\"text-align: justify;\">Csapatban szeretek dolgozni, \u00e9s ezt v\u00e1rtam el 2019-2024-es id\u0151szakban is. Szeretn\u00e9m, ha Saj\u00f3ecseget egy olyan k\u00e9pvisel\u0151 test\u00fclet ir\u00e1ny\u00edtan\u00e1, amely a Polg\u00e1rmesterrel K\u00d6Z\u00d6SEN v\u00e1llvetve tudja majd elmondani 2029-ben, hogy:<\/p><p>[\/et_pb_text][\/et_pb_column][\/et_pb_row][\/et_pb_section][et_pb_section fb_built=\"1\" theme_builder_area=\"post_content\" _builder_version=\"4.25.1\" _module_preset=\"default\"][et_pb_row _builder_version=\"4.25.1\" _module_preset=\"default\" column_structure=\"1_5,3_5,1_5\" theme_builder_area=\"post_content\"][et_pb_column _builder_version=\"4.25.1\" _module_preset=\"default\" type=\"1_5\" theme_builder_area=\"post_content\"][\/et_pb_column][et_pb_column _builder_version=\"4.25.1\" _module_preset=\"default\" type=\"3_5\" theme_builder_area=\"post_content\"][et_pb_text _builder_version=\"4.25.1\" _module_preset=\"default\" theme_builder_area=\"post_content\" text_font=\"Times New Roman||on||||||\" text_text_color=\"#0C71C3\" text_font_size=\"35px\" text_letter_spacing=\"1px\" text_line_height=\"1.8em\" hover_enabled=\"0\" sticky_enabled=\"0\"]<\/p><p style=\"text-align: center;\"><strong>Igen,<br \/>Saj\u00f3ecseg \u00fajra sz\u00e9p lett,<br \/>m\u00e9lt\u00f3 r\u00e9gi nagy h\u00edr\u00e9hez.<\/strong><\/p><p>[\/et_pb_text][\/et_pb_column][et_pb_column _builder_version=\"4.25.1\" _module_preset=\"default\" type=\"1_5\" theme_builder_area=\"post_content\"][\/et_pb_column][\/et_pb_row][\/et_pb_section][et_pb_section fb_built=\"1\" theme_builder_area=\"post_content\" _builder_version=\"4.25.1\" _module_preset=\"default\"][et_pb_row _builder_version=\"4.25.1\" _module_preset=\"default\" theme_builder_area=\"post_content\"][et_pb_column _builder_version=\"4.25.1\" _module_preset=\"default\" type=\"4_4\" theme_builder_area=\"post_content\"][et_pb_text _builder_version=\"4.25.1\" _module_preset=\"default\" theme_builder_area=\"post_content\" text_font=\"Times New Roman||on||||||\" text_font_size=\"20px\" hover_enabled=\"0\" sticky_enabled=\"0\"]<\/p><p><strong>Ez\u00e9rt is k\u00e9rem, hogy 2024. j\u00fanius 9.-\u00e9n mindenki menjen el szavazni, \u00e9s mondja el v\u00e9lem\u00e9ny\u00e9t. Ha a gondolataimmal pedig egyet\u00e9rt, akkor a szavaz\u00f3lapot az al\u00e1bbiak szerint t\u00f6ltse ki:<\/strong><\/p><p>[\/et_pb_text][\/et_pb_column][\/et_pb_row][\/et_pb_section][et_pb_section fb_built=\"1\" theme_builder_area=\"post_content\" _builder_version=\"4.25.1\" _module_preset=\"default\"][et_pb_row _builder_version=\"4.25.1\" _module_preset=\"default\" column_structure=\"1_3,1_3,1_3\" theme_builder_area=\"post_content\"][et_pb_column _builder_version=\"4.25.1\" _module_preset=\"default\" type=\"1_3\" theme_builder_area=\"post_content\"][et_pb_text _builder_version=\"4.25.1\" _module_preset=\"default\" theme_builder_area=\"post_content\" text_font=\"Times New Roman||on|on|||||\" text_text_color=\"#0C71C3\" text_font_size=\"23px\" text_text_shadow_style=\"preset1\" hover_enabled=\"0\" sticky_enabled=\"0\"]<\/p><p>\u00a0<\/p><p>\u00a010. \u00a0\u00a0\u00a0\u00a0 Gyurk\u00f3 Attila<\/p><p>[\/et_pb_text][\/et_pb_column][et_pb_column _builder_version=\"4.25.1\" _module_preset=\"default\" type=\"1_3\" theme_builder_area=\"post_content\"][et_pb_gallery _builder_version=\"4.25.1\" _module_preset=\"default\" theme_builder_area=\"post_content\" gallery_ids=\"2372\" hover_enabled=\"0\" sticky_enabled=\"0\" width=\"50%\" max_width=\"50%\" fullwidth=\"on\"][\/et_pb_gallery][\/et_pb_column][et_pb_column _builder_version=\"4.25.1\" _module_preset=\"default\" type=\"1_3\" theme_builder_area=\"post_content\"][et_pb_text _builder_version=\"4.25.1\" _module_preset=\"default\" theme_builder_area=\"post_content\" text_font=\"Times New Roman||on|on|||||\" text_text_color=\"#0C71C3\" text_font_size=\"23px\" hover_enabled=\"0\" sticky_enabled=\"0\"]<\/p><p>\u00a0<\/p><p>\u00a0f\u00fcggetlen k\u00e9pvisel\u0151<\/p><p>[\/et_pb_text][\/et_pb_column][\/et_pb_row][\/et_pb_section][et_pb_section fb_built=\"1\" theme_builder_area=\"post_content\" _builder_version=\"4.25.1\" _module_preset=\"default\"][et_pb_row _builder_version=\"4.25.1\" _module_preset=\"default\" theme_builder_area=\"post_content\"][et_pb_column _builder_version=\"4.25.1\" _module_preset=\"default\" type=\"4_4\" theme_builder_area=\"post_content\"][et_pb_text _builder_version=\"4.25.1\" _module_preset=\"default\" theme_builder_area=\"post_content\" text_font=\"||on|on|||||\" text_font_size=\"22px\" text_text_shadow_style=\"preset4\" text_orientation=\"center\" hover_enabled=\"0\" sticky_enabled=\"0\"]<\/p><p>Minden egyes szavazatot el\u0151re is k\u00f6sz\u00f6n\u00f6k!<\/p><p>[\/et_pb_text][\/et_pb_column][\/et_pb_row][\/et_pb_section]<\/p>","_et_gb_content_width":"","footnotes":""},"class_list":["post-2390","page","type-page","status-publish","hentry"],"_links":{"self":[{"href":"http:\/\/www.sajoecseg.hu\/kozseg\/wp-json\/wp\/v2\/pages\/2390","targetHints":{"allow":["GET"]}}],"collection":[{"href":"http:\/\/www.sajoecseg.hu\/kozseg\/wp-json\/wp\/v2\/pages"}],"about":[{"href":"http:\/\/www.sajoecseg.hu\/kozseg\/wp-json\/wp\/v2\/types\/page"}],"author":[{"embeddable":true,"href":"http:\/\/www.sajoecseg.hu\/kozseg\/wp-json\/wp\/v2\/users\/1"}],"replies":[{"embeddable":true,"href":"http:\/\/www.sajoecseg.hu\/kozseg\/wp-json\/wp\/v2\/comments?post=2390"}],"version-history":[{"count":4,"href":"http:\/\/www.sajoecseg.hu\/kozseg\/wp-json\/wp\/v2\/pages\/2390\/revisions"}],"predecessor-version":[{"id":2396,"href":"http:\/\/www.sajoecseg.hu\/kozseg\/wp-json\/wp\/v2\/pages\/2390\/revisions\/2396"}],"wp:attachment":[{"href":"http:\/\/www.sajoecseg.hu\/kozseg\/wp-json\/wp\/v2\/media?parent=2390"}],"curies":[{"name":"wp","href":"https:\/\/api.w.org\/{rel}","templated":true}]}}